{"id":20,"date":"2016-01-29T08:51:50","date_gmt":"2016-01-29T07:51:50","guid":{"rendered":"https:\/\/www.samita.be\/?page_id=20"},"modified":"2025-12-25T18:41:42","modified_gmt":"2025-12-25T17:41:42","slug":"monks-nuns","status":"publish","type":"page","link":"https:\/\/www.samita.be\/fr\/monks-nuns\/","title":{"rendered":"Moines \/ Moniales"},"content":{"rendered":"<p><a href=\"https:\/\/www.samita.be\/fr\/monks-nuns\/ajahn-brahm\/\">Ajahn Brahm<\/a>\u2014a visit\u00e9 Hambourg (un \u00e9v\u00e9nement organis\u00e9 par le BGH) en Octobre 2014 pour des entretiens et une courte retraite. Nous esp\u00e9rons organiser d\u2019autres \u00e9v\u00e9nements avec Ajahn Brahm \u00e0 l\u2019avenir.<\/p>\n<p><a href=\"https:\/\/www.samita.be\/de\/monks-nuns\/anandabodhi-bhikkhuni\/\" target=\"_blank\" rel=\"noopener\">Ayya \u0100nandabodh\u012b<\/a>\u2014est la conseill\u00e8re spirituelles du monast\u00e8re de Tilorien.<\/p>\n<p><a href=\"https:\/\/www.samita.be\/de\/monks-nuns\/santacitta-bhikkhuni\/\" target=\"_blank\" rel=\"noopener\">Ayya Santacitta<\/a>\u2014est la conseill\u00e8re spirituelles du monast\u00e8re de Tilorien<\/p>\n<p><a href=\"https:\/\/www.samita.be\/fr\/monks-nuns\/bhante-sujato\/\">Bhante Sujato<\/a>\u2014nous a rendu visite en 2013 et 2015 pour une retraite de 10 jours et plusieurs entretiens dans diff\u00e9rentes langues et diff\u00e9rents pays. Il est le conseiller spirituel de Samita ASBL.<\/p>\n<p><a href=\"https:\/\/www.samita.be\/fr\/monks-nuns\/ajahn-brahmali\/\">Ajahn Brahmali<\/a>\u2014nous a rendu visite en 2017 pour une retraite de m\u00e9ditation et de sutta aussi bien que pour quelques conf\u00e9rences en Allemagne et Belgique.<\/p>\n<p><a href=\"https:\/\/www.samita.be\/fr\/monks-nuns\/ayya-yeshe\/\">Ayya Yeshe Chodron<\/a>\u2014nous a rendu visite en \u00e9t\u00e9 2014 pour quelques semaines de conf\u00e9rences et de retraites avant de se lancer dans une tourn\u00e9e de p\u00e8lerinage \u00e0 Saint-Jacques-de-Compostelle et \u00e0 Assise.<\/p>\n<p><a href=\"https:\/\/www.samita.be\/fr\/monks-nuns\/sr-mudita\/\">Ayya Mudita<\/a>\u2014vit \u00e0 Bad Pyrmont, Allemagne, o\u00f9 elle dirige un centre du Dhamma. Elle nous a rendu visite en \u00e9t\u00e9 2016 pour une retraite.<\/p>\n<p><a href=\"https:\/\/www.samita.be\/fr\/monks-nuns\/ayya-vimala\/\">Ayya Vimala<\/a>\u2014est l\u2019un des membres fondateurs de Samita ASBL dont le but est de b\u00e2tir un jour un monast\u00e8re en Europe.<\/p>\n<p><a href=\"https:\/\/www.samita.be\/fr\/monks-nuns\/sabbamitta-silashin\/\" target=\"_blank\" rel=\"noopener noreferrer\">Sabbamitta Silashin<\/a>\u2014est l\u2019un des membres fondateurs de Samita ASBL et a rencontr\u00e9 Ayya Vimala en 2011.<\/p>","protected":false},"excerpt":{"rendered":"<p>Ajahn Brahm\u2014a visit\u00e9 Hambourg (un \u00e9v\u00e9nement organis\u00e9 par le BGH) en Octobre 2014 pour des entretiens et une courte retraite. Nous esp\u00e9rons organiser d\u2019autres \u00e9v\u00e9nements avec Ajahn Brahm \u00e0 l\u2019avenir. Ayya \u0100nandabodh\u012b\u2014est la conseill\u00e8re spirituelles du monast\u00e8re de Tilorien. Ayya&#8230;<br \/><a class=\"read-more-button\" href=\"https:\/\/www.samita.be\/fr\/monks-nuns\/\">Savoir plus<\/a><\/p>\n","protected":false},"author":14,"featured_media":0,"parent":0,"menu_order":7,"comment_status":"closed","ping_status":"closed","template":"template-full-width.php","meta":{"footnotes":""},"class_list":["post-20","page","type-page","status-publish","hentry"],"_links":{"self":[{"href":"https:\/\/www.samita.be\/fr\/wp-json\/wp\/v2\/pages\/20","targetHints":{"allow":["GET"]}}],"collection":[{"href":"https:\/\/www.samita.be\/fr\/wp-json\/wp\/v2\/pages"}],"about":[{"href":"https:\/\/www.samita.be\/fr\/wp-json\/wp\/v2\/types\/page"}],"author":[{"embeddable":true,"href":"https:\/\/www.samita.be\/fr\/wp-json\/wp\/v2\/users\/14"}],"replies":[{"embeddable":true,"href":"https:\/\/www.samita.be\/fr\/wp-json\/wp\/v2\/comments?post=20"}],"version-history":[{"count":65,"href":"https:\/\/www.samita.be\/fr\/wp-json\/wp\/v2\/pages\/20\/revisions"}],"predecessor-version":[{"id":9067,"href":"https:\/\/www.samita.be\/fr\/wp-json\/wp\/v2\/pages\/20\/revisions\/9067"}],"wp:attachment":[{"href":"https:\/\/www.samita.be\/fr\/wp-json\/wp\/v2\/media?parent=20"}],"curies":[{"name":"wp","href":"https:\/\/api.w.org\/{rel}","templated":true}]}}